{"id":2742,"date":"2023-04-03T09:13:16","date_gmt":"2023-04-03T07:13:16","guid":{"rendered":"https:\/\/coword.org\/colaboradores\/"},"modified":"2023-09-05T15:35:34","modified_gmt":"2023-09-05T13:35:34","slug":"colaboradores","status":"publish","type":"page","link":"https:\/\/coword.org\/en\/colaboradores\/","title":{"rendered":"Colaboradores"},"content":{"rendered":"\t\t<div data-elementor-type=\"wp-page\" data-elementor-id=\"2742\" class=\"elementor elementor-2742 elementor-2674\" data-elementor-post-type=\"page\">\n\t\t\t\t\t\t<section class=\"elementor-section elementor-top-section elementor-element elementor-element-46577c7 titulo-degradado elementor-section-boxed elementor-section-height-default elementor-section-height-default\" data-id=\"46577c7\" data-element_type=\"section\" data-settings=\"{&quot;jet_parallax_layout_list&quot;:[]}\">\n\t\t\t\t\t\t<div class=\"elementor-container elementor-column-gap-default\">\n\t\t\t\t\t<div class=\"elementor-column elementor-col-100 elementor-top-column elementor-element elementor-element-f809713\" data-id=\"f809713\" data-element_type=\"column\">\n\t\t\t<div class=\"elementor-widget-wrap elementor-element-populated\">\n\t\t\t\t\t\t<section class=\"elementor-section elementor-inner-section elementor-element elementor-element-0266417 elementor-section-boxed elementor-section-height-default elementor-section-height-default\" data-id=\"0266417\" data-element_type=\"section\" data-settings=\"{&quot;jet_parallax_layout_list&quot;:[]}\">\n\t\t\t\t\t\t<div class=\"elementor-container elementor-column-gap-default\">\n\t\t\t\t\t<div class=\"elementor-column elementor-col-100 elementor-inner-column elementor-element elementor-element-dd337c4\" data-id=\"dd337c4\" data-element_type=\"column\">\n\t\t\t<div class=\"elementor-widget-wrap elementor-element-populated\">\n\t\t\t\t\t\t<div class=\"elementor-element elementor-element-2415b5f elementor-widget elementor-widget-heading\" data-id=\"2415b5f\" data-element_type=\"widget\" data-widget_type=\"heading.default\">\n\t\t\t\t<div class=\"elementor-widget-container\">\n\t\t\t<h1 class=\"elementor-heading-title elementor-size-default\">Collaborators<\/h1>\t\t<\/div>\n\t\t\t\t<\/div>\n\t\t\t\t\t<\/div>\n\t\t<\/div>\n\t\t\t\t\t<\/div>\n\t\t<\/section>\n\t\t\t\t\t<\/div>\n\t\t<\/div>\n\t\t\t\t\t<\/div>\n\t\t<\/section>\n\t\t\t\t<section class=\"elementor-section elementor-top-section elementor-element elementor-element-64aa5d3 elementor-section-boxed elementor-section-height-default elementor-section-height-default\" data-id=\"64aa5d3\" data-element_type=\"section\" data-settings=\"{&quot;jet_parallax_layout_list&quot;:[]}\">\n\t\t\t\t\t\t<div class=\"elementor-container elementor-column-gap-default\">\n\t\t\t\t\t<div class=\"elementor-column elementor-col-100 elementor-top-column elementor-element elementor-element-ac60cca\" data-id=\"ac60cca\" data-element_type=\"column\">\n\t\t\t<div class=\"elementor-widget-wrap elementor-element-populated\">\n\t\t\t\t\t\t<div class=\"elementor-element elementor-element-b9d7e11 elementor-widget elementor-widget-text-editor\" data-id=\"b9d7e11\" data-element_type=\"widget\" data-widget_type=\"text-editor.default\">\n\t\t\t\t<div class=\"elementor-widget-container\">\n\t\t\t\t\t\t\t<p>COWORD recognizes all those companies that agree with the development of the professionalized sector and are dedicated to tangential activities to the shared spaces industry. Collaboration efforts with us and our Partners is what will give companies in the sector a competitive advantage in the current market situation.<\/p><p>\u00a0<\/p><p>The figure of the Collaborator is focused on entities such as Schools, Federations and other Associations that, in a spirit of collaboration, add value to COWORD and have synergies with its mission and vision.<\/p>\t\t\t\t\t\t<\/div>\n\t\t\t\t<\/div>\n\t\t\t\t\t<\/div>\n\t\t<\/div>\n\t\t\t\t\t<\/div>\n\t\t<\/section>\n\t\t\t\t<section class=\"elementor-section elementor-top-section elementor-element elementor-element-4a74709 elementor-section-boxed elementor-section-height-default elementor-section-height-default\" data-id=\"4a74709\" data-element_type=\"section\" data-settings=\"{&quot;jet_parallax_layout_list&quot;:[]}\">\n\t\t\t\t\t\t<div class=\"elementor-container elementor-column-gap-default\">\n\t\t\t\t\t<div class=\"elementor-column elementor-col-100 elementor-top-column elementor-element elementor-element-a17118c\" data-id=\"a17118c\" data-element_type=\"column\">\n\t\t\t<div class=\"elementor-widget-wrap elementor-element-populated\">\n\t\t\t\t\t\t<section class=\"elementor-section elementor-inner-section elementor-element elementor-element-9e5a89c elementor-section-boxed elementor-section-height-default elementor-section-height-default\" data-id=\"9e5a89c\" data-element_type=\"section\" data-settings=\"{&quot;jet_parallax_layout_list&quot;:[]}\">\n\t\t\t\t\t\t<div class=\"elementor-container elementor-column-gap-default\">\n\t\t\t\t\t<div class=\"elementor-column elementor-col-50 elementor-inner-column elementor-element elementor-element-8492d58\" data-id=\"8492d58\" data-element_type=\"column\">\n\t\t\t<div class=\"elementor-widget-wrap elementor-element-populated\">\n\t\t\t\t\t\t<div class=\"elementor-element elementor-element-aef958c elementor-widget elementor-widget-image\" data-id=\"aef958c\" data-element_type=\"widget\" data-widget_type=\"image.default\">\n\t\t\t\t<div class=\"elementor-widget-container\">\n\t\t\t\t\t\t\t\t\t\t\t\t\t<img decoding=\"async\" width=\"240\" height=\"126\" src=\"https:\/\/coword.org\/wp-content\/uploads\/2023\/03\/asprima-1.webp\" class=\"attachment-large size-large wp-image-2499\" alt=\"\" \/>\t\t\t\t\t\t\t\t\t\t\t\t\t<\/div>\n\t\t\t\t<\/div>\n\t\t\t\t\t<\/div>\n\t\t<\/div>\n\t\t\t\t<div class=\"elementor-column elementor-col-50 elementor-inner-column elementor-element elementor-element-1bed8bc\" data-id=\"1bed8bc\" data-element_type=\"column\">\n\t\t\t<div class=\"elementor-widget-wrap elementor-element-populated\">\n\t\t\t\t\t\t<div class=\"elementor-element elementor-element-beb894b elementor-widget elementor-widget-heading\" data-id=\"beb894b\" data-element_type=\"widget\" data-widget_type=\"heading.default\">\n\t\t\t\t<div class=\"elementor-widget-container\">\n\t\t\t<h2 class=\"elementor-heading-title elementor-size-default\">ASPRIMA (ASOCIACION PROMOTORES INMOBILIARIOS DE MADRID)\n<\/h2>\t\t<\/div>\n\t\t\t\t<\/div>\n\t\t\t\t<div class=\"elementor-element elementor-element-448da1a elementor-widget elementor-widget-text-editor\" data-id=\"448da1a\" data-element_type=\"widget\" data-widget_type=\"text-editor.default\">\n\t\t\t\t<div class=\"elementor-widget-container\">\n\t\t\t\t\t\t\tFounded in 1977, the Association of Real Estate Developers of Madrid (ASPRIMA) is an independent business organization whose main objective is to defend the professional interests of real estate companies, always seeking dialogue with the Public Administrations to try to find solutions to the problems that affect the industry and society.\t\t\t\t\t\t<\/div>\n\t\t\t\t<\/div>\n\t\t\t\t<div class=\"elementor-element elementor-element-7d69ed4 elementor-widget elementor-widget-text-editor\" data-id=\"7d69ed4\" data-element_type=\"widget\" data-widget_type=\"text-editor.default\">\n\t\t\t\t<div class=\"elementor-widget-container\">\n\t\t\t\t\t\t\t<p><strong>Address:<\/strong> C\/ Diego de Le\u00f3n, 50 &#8211; 28006 Madrid<\/p><p><strong>Contact:<\/strong> 91 522 90 11\u00a0 \/\u00a0 asprima@asprima.es<\/p><p><strong>President:<\/strong> Carolina Roca<\/p>\t\t\t\t\t\t<\/div>\n\t\t\t\t<\/div>\n\t\t\t\t\t<\/div>\n\t\t<\/div>\n\t\t\t\t\t<\/div>\n\t\t<\/section>\n\t\t\t\t\t<\/div>\n\t\t<\/div>\n\t\t\t\t\t<\/div>\n\t\t<\/section>\n\t\t\t\t<section class=\"elementor-section elementor-top-section elementor-element elementor-element-b6791f2 elementor-section-boxed elementor-section-height-default elementor-section-height-default\" data-id=\"b6791f2\" data-element_type=\"section\" data-settings=\"{&quot;jet_parallax_layout_list&quot;:[]}\">\n\t\t\t\t\t\t<div class=\"elementor-container elementor-column-gap-default\">\n\t\t\t\t\t<div class=\"elementor-column elementor-col-100 elementor-top-column elementor-element elementor-element-406d17f\" data-id=\"406d17f\" data-element_type=\"column\">\n\t\t\t<div class=\"elementor-widget-wrap elementor-element-populated\">\n\t\t\t\t\t\t<section class=\"elementor-section elementor-inner-section elementor-element elementor-element-82c1bae elementor-section-boxed elementor-section-height-default elementor-section-height-default\" data-id=\"82c1bae\" data-element_type=\"section\" data-settings=\"{&quot;jet_parallax_layout_list&quot;:[]}\">\n\t\t\t\t\t\t<div class=\"elementor-container elementor-column-gap-default\">\n\t\t\t\t\t<div class=\"elementor-column elementor-col-50 elementor-inner-column elementor-element elementor-element-4d78071\" data-id=\"4d78071\" data-element_type=\"column\">\n\t\t\t<div class=\"elementor-widget-wrap elementor-element-populated\">\n\t\t\t\t\t\t<div class=\"elementor-element elementor-element-bb3d96e elementor-widget elementor-widget-image\" data-id=\"bb3d96e\" data-element_type=\"widget\" data-widget_type=\"image.default\">\n\t\t\t\t<div class=\"elementor-widget-container\">\n\t\t\t\t\t\t\t\t\t\t\t\t\t<img decoding=\"async\" width=\"240\" height=\"126\" src=\"https:\/\/coword.org\/wp-content\/uploads\/2023\/03\/coam.jpg\" class=\"attachment-large size-large wp-image-2503\" alt=\"\" \/>\t\t\t\t\t\t\t\t\t\t\t\t\t<\/div>\n\t\t\t\t<\/div>\n\t\t\t\t\t<\/div>\n\t\t<\/div>\n\t\t\t\t<div class=\"elementor-column elementor-col-50 elementor-inner-column elementor-element elementor-element-6328a12\" data-id=\"6328a12\" data-element_type=\"column\">\n\t\t\t<div class=\"elementor-widget-wrap elementor-element-populated\">\n\t\t\t\t\t\t<div class=\"elementor-element elementor-element-94a7fc9 elementor-widget elementor-widget-heading\" data-id=\"94a7fc9\" data-element_type=\"widget\" data-widget_type=\"heading.default\">\n\t\t\t\t<div class=\"elementor-widget-container\">\n\t\t\t<h2 class=\"elementor-heading-title elementor-size-default\">COAM (COLEGIO OFICIAL ARQUITECTOS DE MADRID)<\/h2>\t\t<\/div>\n\t\t\t\t<\/div>\n\t\t\t\t<div class=\"elementor-element elementor-element-2019b4d elementor-widget elementor-widget-text-editor\" data-id=\"2019b4d\" data-element_type=\"widget\" data-widget_type=\"text-editor.default\">\n\t\t\t\t<div class=\"elementor-widget-container\">\n\t\t\t\t\t\t\tThe Official College of Architects of Madrid (COAM) is the public law corporation that represents and defends the professional interests of architects in Madrid and safeguards the cultural and environmental values of Architecture for the benefit of society.\t\t\t\t\t\t<\/div>\n\t\t\t\t<\/div>\n\t\t\t\t<div class=\"elementor-element elementor-element-b85bc21 elementor-widget elementor-widget-text-editor\" data-id=\"b85bc21\" data-element_type=\"widget\" data-widget_type=\"text-editor.default\">\n\t\t\t\t<div class=\"elementor-widget-container\">\n\t\t\t\t\t\t\t<p><strong>Address:<\/strong> C\/ Hortaleza, 63-28004 Madrid<\/p><p><strong>Contact:<\/strong> 915 951 500<\/p><p><strong>President:<\/strong> Sigfrido Herr\u00e1ez<\/p>\t\t\t\t\t\t<\/div>\n\t\t\t\t<\/div>\n\t\t\t\t\t<\/div>\n\t\t<\/div>\n\t\t\t\t\t<\/div>\n\t\t<\/section>\n\t\t\t\t\t<\/div>\n\t\t<\/div>\n\t\t\t\t\t<\/div>\n\t\t<\/section>\n\t\t\t\t<section class=\"elementor-section elementor-top-section elementor-element elementor-element-4f6bb1a elementor-section-boxed elementor-section-height-default elementor-section-height-default\" data-id=\"4f6bb1a\" data-element_type=\"section\" data-settings=\"{&quot;jet_parallax_layout_list&quot;:[]}\">\n\t\t\t\t\t\t<div class=\"elementor-container elementor-column-gap-default\">\n\t\t\t\t\t<div class=\"elementor-column elementor-col-100 elementor-top-column elementor-element elementor-element-d0a4c23\" data-id=\"d0a4c23\" data-element_type=\"column\">\n\t\t\t<div class=\"elementor-widget-wrap elementor-element-populated\">\n\t\t\t\t\t\t<section class=\"elementor-section elementor-inner-section elementor-element elementor-element-8825ba2 elementor-section-boxed elementor-section-height-default elementor-section-height-default\" data-id=\"8825ba2\" data-element_type=\"section\" data-settings=\"{&quot;jet_parallax_layout_list&quot;:[]}\">\n\t\t\t\t\t\t<div class=\"elementor-container elementor-column-gap-default\">\n\t\t\t\t\t<div class=\"elementor-column elementor-col-50 elementor-inner-column elementor-element elementor-element-cf67832\" data-id=\"cf67832\" data-element_type=\"column\">\n\t\t\t<div class=\"elementor-widget-wrap elementor-element-populated\">\n\t\t\t\t\t\t<div class=\"elementor-element elementor-element-fa4f1f7 elementor-widget elementor-widget-image\" data-id=\"fa4f1f7\" data-element_type=\"widget\" data-widget_type=\"image.default\">\n\t\t\t\t<div class=\"elementor-widget-container\">\n\t\t\t\t\t\t\t\t\t\t\t\t\t<img decoding=\"async\" width=\"240\" height=\"126\" src=\"https:\/\/coword.org\/wp-content\/uploads\/2023\/03\/fed.jpg\" class=\"attachment-large size-large wp-image-2525\" alt=\"\" \/>\t\t\t\t\t\t\t\t\t\t\t\t\t<\/div>\n\t\t\t\t<\/div>\n\t\t\t\t\t<\/div>\n\t\t<\/div>\n\t\t\t\t<div class=\"elementor-column elementor-col-50 elementor-inner-column elementor-element elementor-element-0275c86\" data-id=\"0275c86\" data-element_type=\"column\">\n\t\t\t<div class=\"elementor-widget-wrap elementor-element-populated\">\n\t\t\t\t\t\t<div class=\"elementor-element elementor-element-6bdcdb2 elementor-widget elementor-widget-heading\" data-id=\"6bdcdb2\" data-element_type=\"widget\" data-widget_type=\"heading.default\">\n\t\t\t\t<div class=\"elementor-widget-container\">\n\t\t\t<h2 class=\"elementor-heading-title elementor-size-default\">FED (FEDERACION EMPRESARIAL DE LA DEPENDENCIA)<\/h2>\t\t<\/div>\n\t\t\t\t<\/div>\n\t\t\t\t<div class=\"elementor-element elementor-element-a581239 elementor-widget elementor-widget-text-editor\" data-id=\"a581239\" data-element_type=\"widget\" data-widget_type=\"text-editor.default\">\n\t\t\t\t<div class=\"elementor-widget-container\">\n\t\t\t\t\t\t\tThe Federation was created with the purpose of unifying the entire Dependency Care business sector into a large national employers&#8217; organization, encompassing all the operators that work in this area: residential centers, day and night centers, home help services and tele-assistance services.\t\t\t\t\t\t<\/div>\n\t\t\t\t<\/div>\n\t\t\t\t<div class=\"elementor-element elementor-element-355da1f elementor-widget elementor-widget-text-editor\" data-id=\"355da1f\" data-element_type=\"widget\" data-widget_type=\"text-editor.default\">\n\t\t\t\t<div class=\"elementor-widget-container\">\n\t\t\t\t\t\t\t<p><strong>Address:<\/strong> C\/ Zurbar\u00e1n 5, Madrid.<\/p><p><strong>Contact:<\/strong> 91 466 61 61<\/p><p><strong>President:<\/strong> Ignacio Fern\u00e1ndez-Cid<\/p>\t\t\t\t\t\t<\/div>\n\t\t\t\t<\/div>\n\t\t\t\t\t<\/div>\n\t\t<\/div>\n\t\t\t\t\t<\/div>\n\t\t<\/section>\n\t\t\t\t\t<\/div>\n\t\t<\/div>\n\t\t\t\t\t<\/div>\n\t\t<\/section>\n\t\t\t\t<section class=\"elementor-section elementor-top-section elementor-element elementor-element-03d4934 elementor-section-boxed elementor-section-height-default elementor-section-height-default\" data-id=\"03d4934\" data-element_type=\"section\" data-settings=\"{&quot;jet_parallax_layout_list&quot;:[]}\">\n\t\t\t\t\t\t<div class=\"elementor-container elementor-column-gap-default\">\n\t\t\t\t\t<div class=\"elementor-column elementor-col-100 elementor-top-column elementor-element elementor-element-00c70a7\" data-id=\"00c70a7\" data-element_type=\"column\">\n\t\t\t<div class=\"elementor-widget-wrap elementor-element-populated\">\n\t\t\t\t\t\t<section class=\"elementor-section elementor-inner-section elementor-element elementor-element-2c7ea85 elementor-section-boxed elementor-section-height-default elementor-section-height-default\" data-id=\"2c7ea85\" data-element_type=\"section\" data-settings=\"{&quot;jet_parallax_layout_list&quot;:[]}\">\n\t\t\t\t\t\t<div class=\"elementor-container elementor-column-gap-default\">\n\t\t\t\t\t<div class=\"elementor-column elementor-col-50 elementor-inner-column elementor-element elementor-element-bd19dd2\" data-id=\"bd19dd2\" data-element_type=\"column\">\n\t\t\t<div class=\"elementor-widget-wrap elementor-element-populated\">\n\t\t\t\t\t\t<div class=\"elementor-element elementor-element-461ee7a elementor-widget elementor-widget-image\" data-id=\"461ee7a\" data-element_type=\"widget\" data-widget_type=\"image.default\">\n\t\t\t\t<div class=\"elementor-widget-container\">\n\t\t\t\t\t\t\t\t\t\t\t\t\t<img loading=\"lazy\" decoding=\"async\" width=\"240\" height=\"126\" src=\"https:\/\/coword.org\/wp-content\/uploads\/2023\/04\/aeae.webp\" class=\"attachment-large size-large wp-image-2781\" alt=\"\" \/>\t\t\t\t\t\t\t\t\t\t\t\t\t<\/div>\n\t\t\t\t<\/div>\n\t\t\t\t\t<\/div>\n\t\t<\/div>\n\t\t\t\t<div class=\"elementor-column elementor-col-50 elementor-inner-column elementor-element elementor-element-7425ef1\" data-id=\"7425ef1\" data-element_type=\"column\">\n\t\t\t<div class=\"elementor-widget-wrap elementor-element-populated\">\n\t\t\t\t\t\t<div class=\"elementor-element elementor-element-3a1df21 elementor-widget elementor-widget-heading\" data-id=\"3a1df21\" data-element_type=\"widget\" data-widget_type=\"heading.default\">\n\t\t\t\t<div class=\"elementor-widget-container\">\n\t\t\t<h2 class=\"elementor-heading-title elementor-size-default\">ASOCIACION ESPA\u00d1OLA AMIGOS EMPRESARIOS<\/h2>\t\t<\/div>\n\t\t\t\t<\/div>\n\t\t\t\t<div class=\"elementor-element elementor-element-23fd48d elementor-widget elementor-widget-text-editor\" data-id=\"23fd48d\" data-element_type=\"widget\" data-widget_type=\"text-editor.default\">\n\t\t\t\t<div class=\"elementor-widget-container\">\n\t\t\t\t\t\t\tThe AEAE Association is a multi-sector integration platform, with national and international influence, in which businessmen, entrepreneurs and self-employed professionals participate, both directly and shared with associations, entities and organizations.\t\t\t\t\t\t<\/div>\n\t\t\t\t<\/div>\n\t\t\t\t<div class=\"elementor-element elementor-element-5235c29 elementor-widget elementor-widget-text-editor\" data-id=\"5235c29\" data-element_type=\"widget\" data-widget_type=\"text-editor.default\">\n\t\t\t\t<div class=\"elementor-widget-container\">\n\t\t\t\t\t\t\t<p><strong>Address:<\/strong> EDIFICIO ARNAIZ &#8211;\u00a0C. de M\u00e9ndez \u00c1lvaro, 56, 28045 Madrid<\/p><p><strong>Contact:<\/strong> 607 087 325 \/ presidencia@amigosempresarios.es<\/p><p><strong>President:<\/strong> Antonio Cebri\u00e1n Alarc\u00f3n<\/p>\t\t\t\t\t\t<\/div>\n\t\t\t\t<\/div>\n\t\t\t\t\t<\/div>\n\t\t<\/div>\n\t\t\t\t\t<\/div>\n\t\t<\/section>\n\t\t\t\t\t<\/div>\n\t\t<\/div>\n\t\t\t\t\t<\/div>\n\t\t<\/section>\n\t\t\t\t<section class=\"elementor-section elementor-top-section elementor-element elementor-element-48d63ae elementor-section-boxed elementor-section-height-default elementor-section-height-default\" data-id=\"48d63ae\" data-element_type=\"section\" data-settings=\"{&quot;jet_parallax_layout_list&quot;:[]}\">\n\t\t\t\t\t\t<div class=\"elementor-container elementor-column-gap-default\">\n\t\t\t\t\t<div class=\"elementor-column elementor-col-100 elementor-top-column elementor-element elementor-element-ab7cfab\" data-id=\"ab7cfab\" data-element_type=\"column\">\n\t\t\t<div class=\"elementor-widget-wrap elementor-element-populated\">\n\t\t\t\t\t\t<section class=\"elementor-section elementor-inner-section elementor-element elementor-element-bd40b0b elementor-section-boxed elementor-section-height-default elementor-section-height-default\" data-id=\"bd40b0b\" data-element_type=\"section\" data-settings=\"{&quot;jet_parallax_layout_list&quot;:[]}\">\n\t\t\t\t\t\t<div class=\"elementor-container elementor-column-gap-default\">\n\t\t\t\t\t<div class=\"elementor-column elementor-col-50 elementor-inner-column elementor-element elementor-element-0213be2\" data-id=\"0213be2\" data-element_type=\"column\">\n\t\t\t<div class=\"elementor-widget-wrap elementor-element-populated\">\n\t\t\t\t\t\t<div class=\"elementor-element elementor-element-514b97d elementor-widget elementor-widget-image\" data-id=\"514b97d\" data-element_type=\"widget\" data-widget_type=\"image.default\">\n\t\t\t\t<div class=\"elementor-widget-container\">\n\t\t\t\t\t\t\t\t\t\t\t\t\t<img loading=\"lazy\" decoding=\"async\" width=\"240\" height=\"126\" src=\"https:\/\/coword.org\/wp-content\/uploads\/2023\/09\/malaga-silver-economy-hub-1.webp\" class=\"attachment-large size-large wp-image-3706\" alt=\"\" \/>\t\t\t\t\t\t\t\t\t\t\t\t\t<\/div>\n\t\t\t\t<\/div>\n\t\t\t\t\t<\/div>\n\t\t<\/div>\n\t\t\t\t<div class=\"elementor-column elementor-col-50 elementor-inner-column elementor-element elementor-element-71da184\" data-id=\"71da184\" data-element_type=\"column\">\n\t\t\t<div class=\"elementor-widget-wrap elementor-element-populated\">\n\t\t\t\t\t\t<div class=\"elementor-element elementor-element-874b714 elementor-widget elementor-widget-heading\" data-id=\"874b714\" data-element_type=\"widget\" data-widget_type=\"heading.default\">\n\t\t\t\t<div class=\"elementor-widget-container\">\n\t\t\t<h2 class=\"elementor-heading-title elementor-size-default\">M\u00e1laga Silver Economy Hub<\/h2>\t\t<\/div>\n\t\t\t\t<\/div>\n\t\t\t\t<div class=\"elementor-element elementor-element-eb5f923 elementor-widget elementor-widget-text-editor\" data-id=\"eb5f923\" data-element_type=\"widget\" data-widget_type=\"text-editor.default\">\n\t\t\t\t<div class=\"elementor-widget-container\">\n\t\t\t\t\t\t\t>Asociaci\u00f3n promovida por el Ayuntamiento de M\u00e1laga y liderada por SeniorsLeading que tiene como prop\u00f3sito:\nActuar como un centro de referencia y catalizador para el desarrollo econ\u00f3mico, social e innovador de la Silver Economy, la suma de productos y servicios dise\u00f1ados para satisfacer las necesidades de los consumidores +50.\nFomentamos la\u00a0<b>colaboraci\u00f3n<\/b>, el\u00a0<b>networking<\/b>\u00a0y la\u00a0<b>creaci\u00f3n de valor<\/b>\u00a0para todas las partes interesadas, con el objetivo de convertir a M\u00e1laga en un epicentro de referencia. Un ecosistema vibrante y din\u00e1mico, donde las\u00a0<b>empresas<\/b>, las<b>\u00a0start-ups<\/b>, los<b>\u00a0inversores<\/b>\u00a0y los\u00a0<b>profesionales<\/b>\u00a0se unen para crear soluciones innovadoras y atender las necesidades cambiantes de la poblaci\u00f3n silver.\nLa CEM, Confederaci\u00f3n de Empresarios de M\u00e1laga, Kamiwaka 2020, Impact Hub M\u00e1laga, Cionet y la Asociaci\u00f3n DigitalSeniors conforman la totalidad de sus socios fundadores.\t\t\t\t\t\t<\/div>\n\t\t\t\t<\/div>\n\t\t\t\t<div class=\"elementor-element elementor-element-127398f elementor-widget elementor-widget-text-editor\" data-id=\"127398f\" data-element_type=\"widget\" data-widget_type=\"text-editor.default\">\n\t\t\t\t<div class=\"elementor-widget-container\">\n\t\t\t\t\t\t\t<p><strong>Direcci\u00f3n:<\/strong> Avenida Juan L\u00f3pez Pe\u00f1alver, 21 Edificio BIC EURONOVA Parque Tecnol\u00f3gico de Andaluc\u00eda -M\u00e1laga TechPark-, (29590 M\u00e1laga), Espa\u00f1a<\/p><p><strong>Contacto:<\/strong> 636 70 68 03 \/ nuria.dominguez@malagasilvereconomyhub.es<\/p><p><strong>Directora General de Relaciones Institucionales:<\/strong> Nuria Dom\u00ednguez Soto<\/p>\t\t\t\t\t\t<\/div>\n\t\t\t\t<\/div>\n\t\t\t\t\t<\/div>\n\t\t<\/div>\n\t\t\t\t\t<\/div>\n\t\t<\/section>\n\t\t\t\t\t<\/div>\n\t\t<\/div>\n\t\t\t\t\t<\/div>\n\t\t<\/section>\n\t\t\t\t<\/div>\n\t\t","protected":false},"excerpt":{"rendered":"<p>Collaborators COWORD recognizes all those companies that agree with the development of the professionalized sector and are dedicated to tangential activities to the shared spaces industry. Collaboration efforts with us&#8230;<\/p>\n","protected":false},"author":558,"featured_media":0,"parent":0,"menu_order":0,"comment_status":"closed","ping_status":"closed","template":"elementor_header_footer","meta":{"footnotes":""},"class_list":["post-2742","page","type-page","status-publish","hentry"],"yoast_head":"<!-- This site is optimized with the Yoast SEO plugin v27.4 - https:\/\/yoast.com\/product\/yoast-seo-wordpress\/ -->\n<title>Colaboradores - Coword<\/title>\n<meta name=\"robots\" content=\"index, follow, max-snippet:-1, max-image-preview:large, max-video-preview:-1\" \/>\n<link rel=\"canonical\" href=\"https:\/\/coword.org\/colaboradores\/\" \/>\n<meta property=\"og:locale\" content=\"en_US\" \/>\n<meta property=\"og:type\" content=\"article\" \/>\n<meta property=\"og:title\" content=\"Colaboradores - Coword\" \/>\n<meta property=\"og:description\" content=\"Collaborators COWORD recognizes all those companies that agree with the development of the professionalized sector and are dedicated to tangential activities to the shared spaces industry. Collaboration efforts with us...\" \/>\n<meta property=\"og:url\" content=\"https:\/\/coword.org\/colaboradores\/\" \/>\n<meta property=\"og:site_name\" content=\"Coword\" \/>\n<meta property=\"article:modified_time\" content=\"2023-09-05T13:35:34+00:00\" \/>\n<meta property=\"og:image\" content=\"https:\/\/coword.org\/wp-content\/uploads\/2023\/03\/asprima-1.webp\" \/>\n<meta name=\"twitter:card\" content=\"summary_large_image\" \/>\n<meta name=\"twitter:label1\" content=\"Est. reading time\" \/>\n\t<meta name=\"twitter:data1\" content=\"4 minutes\" \/>\n<script type=\"application\/ld+json\" class=\"yoast-schema-graph\">{\"@context\":\"https:\\\/\\\/schema.org\",\"@graph\":[{\"@type\":\"WebPage\",\"@id\":\"https:\\\/\\\/coword.org\\\/colaboradores\\\/\",\"url\":\"https:\\\/\\\/coword.org\\\/colaboradores\\\/\",\"name\":\"Colaboradores - Coword\",\"isPartOf\":{\"@id\":\"https:\\\/\\\/coword.org\\\/#website\"},\"primaryImageOfPage\":{\"@id\":\"https:\\\/\\\/coword.org\\\/colaboradores\\\/#primaryimage\"},\"image\":{\"@id\":\"https:\\\/\\\/coword.org\\\/colaboradores\\\/#primaryimage\"},\"thumbnailUrl\":\"https:\\\/\\\/coword.org\\\/wp-content\\\/uploads\\\/2023\\\/03\\\/asprima-1.webp\",\"datePublished\":\"2023-04-03T07:13:16+00:00\",\"dateModified\":\"2023-09-05T13:35:34+00:00\",\"breadcrumb\":{\"@id\":\"https:\\\/\\\/coword.org\\\/colaboradores\\\/#breadcrumb\"},\"inLanguage\":\"en-US\",\"potentialAction\":[{\"@type\":\"ReadAction\",\"target\":[\"https:\\\/\\\/coword.org\\\/colaboradores\\\/\"]}]},{\"@type\":\"ImageObject\",\"inLanguage\":\"en-US\",\"@id\":\"https:\\\/\\\/coword.org\\\/colaboradores\\\/#primaryimage\",\"url\":\"https:\\\/\\\/coword.org\\\/wp-content\\\/uploads\\\/2023\\\/03\\\/asprima-1.webp\",\"contentUrl\":\"https:\\\/\\\/coword.org\\\/wp-content\\\/uploads\\\/2023\\\/03\\\/asprima-1.webp\"},{\"@type\":\"BreadcrumbList\",\"@id\":\"https:\\\/\\\/coword.org\\\/colaboradores\\\/#breadcrumb\",\"itemListElement\":[{\"@type\":\"ListItem\",\"position\":1,\"name\":\"Portada\",\"item\":\"https:\\\/\\\/coword.org\\\/\"},{\"@type\":\"ListItem\",\"position\":2,\"name\":\"Colaboradores\"}]},{\"@type\":\"WebSite\",\"@id\":\"https:\\\/\\\/coword.org\\\/#website\",\"url\":\"https:\\\/\\\/coword.org\\\/\",\"name\":\"Coword\",\"description\":\"Asociaci\u00f3n de coliving, cohousing y otros espacios residenciales compartidos\",\"publisher\":{\"@id\":\"https:\\\/\\\/coword.org\\\/#organization\"},\"potentialAction\":[{\"@type\":\"SearchAction\",\"target\":{\"@type\":\"EntryPoint\",\"urlTemplate\":\"https:\\\/\\\/coword.org\\\/?s={search_term_string}\"},\"query-input\":{\"@type\":\"PropertyValueSpecification\",\"valueRequired\":true,\"valueName\":\"search_term_string\"}}],\"inLanguage\":\"en-US\"},{\"@type\":\"Organization\",\"@id\":\"https:\\\/\\\/coword.org\\\/#organization\",\"name\":\"Coword\",\"url\":\"https:\\\/\\\/coword.org\\\/\",\"logo\":{\"@type\":\"ImageObject\",\"inLanguage\":\"en-US\",\"@id\":\"https:\\\/\\\/coword.org\\\/#\\\/schema\\\/logo\\\/image\\\/\",\"url\":\"https:\\\/\\\/coword.org\\\/wp-content\\\/uploads\\\/2021\\\/01\\\/logo-coword.svg\",\"contentUrl\":\"https:\\\/\\\/coword.org\\\/wp-content\\\/uploads\\\/2021\\\/01\\\/logo-coword.svg\",\"width\":300,\"height\":87,\"caption\":\"Coword\"},\"image\":{\"@id\":\"https:\\\/\\\/coword.org\\\/#\\\/schema\\\/logo\\\/image\\\/\"},\"sameAs\":[\"https:\\\/\\\/www.linkedin.com\\\/company\\\/coword-asociaci\u00f3n-inmobiliaria-de-espacios-compartidos\\\/\"]}]}<\/script>\n<!-- \/ Yoast SEO plugin. -->","yoast_head_json":{"title":"Colaboradores - Coword","robots":{"index":"index","follow":"follow","max-snippet":"max-snippet:-1","max-image-preview":"max-image-preview:large","max-video-preview":"max-video-preview:-1"},"canonical":"https:\/\/coword.org\/colaboradores\/","og_locale":"en_US","og_type":"article","og_title":"Colaboradores - Coword","og_description":"Collaborators COWORD recognizes all those companies that agree with the development of the professionalized sector and are dedicated to tangential activities to the shared spaces industry. Collaboration efforts with us...","og_url":"https:\/\/coword.org\/colaboradores\/","og_site_name":"Coword","article_modified_time":"2023-09-05T13:35:34+00:00","og_image":[{"url":"https:\/\/coword.org\/wp-content\/uploads\/2023\/03\/asprima-1.webp","type":"","width":"","height":""}],"twitter_card":"summary_large_image","twitter_misc":{"Est. reading time":"4 minutes"},"schema":{"@context":"https:\/\/schema.org","@graph":[{"@type":"WebPage","@id":"https:\/\/coword.org\/colaboradores\/","url":"https:\/\/coword.org\/colaboradores\/","name":"Colaboradores - Coword","isPartOf":{"@id":"https:\/\/coword.org\/#website"},"primaryImageOfPage":{"@id":"https:\/\/coword.org\/colaboradores\/#primaryimage"},"image":{"@id":"https:\/\/coword.org\/colaboradores\/#primaryimage"},"thumbnailUrl":"https:\/\/coword.org\/wp-content\/uploads\/2023\/03\/asprima-1.webp","datePublished":"2023-04-03T07:13:16+00:00","dateModified":"2023-09-05T13:35:34+00:00","breadcrumb":{"@id":"https:\/\/coword.org\/colaboradores\/#breadcrumb"},"inLanguage":"en-US","potentialAction":[{"@type":"ReadAction","target":["https:\/\/coword.org\/colaboradores\/"]}]},{"@type":"ImageObject","inLanguage":"en-US","@id":"https:\/\/coword.org\/colaboradores\/#primaryimage","url":"https:\/\/coword.org\/wp-content\/uploads\/2023\/03\/asprima-1.webp","contentUrl":"https:\/\/coword.org\/wp-content\/uploads\/2023\/03\/asprima-1.webp"},{"@type":"BreadcrumbList","@id":"https:\/\/coword.org\/colaboradores\/#breadcrumb","itemListElement":[{"@type":"ListItem","position":1,"name":"Portada","item":"https:\/\/coword.org\/"},{"@type":"ListItem","position":2,"name":"Colaboradores"}]},{"@type":"WebSite","@id":"https:\/\/coword.org\/#website","url":"https:\/\/coword.org\/","name":"Coword","description":"Asociaci\u00f3n de coliving, cohousing y otros espacios residenciales compartidos","publisher":{"@id":"https:\/\/coword.org\/#organization"},"potentialAction":[{"@type":"SearchAction","target":{"@type":"EntryPoint","urlTemplate":"https:\/\/coword.org\/?s={search_term_string}"},"query-input":{"@type":"PropertyValueSpecification","valueRequired":true,"valueName":"search_term_string"}}],"inLanguage":"en-US"},{"@type":"Organization","@id":"https:\/\/coword.org\/#organization","name":"Coword","url":"https:\/\/coword.org\/","logo":{"@type":"ImageObject","inLanguage":"en-US","@id":"https:\/\/coword.org\/#\/schema\/logo\/image\/","url":"https:\/\/coword.org\/wp-content\/uploads\/2021\/01\/logo-coword.svg","contentUrl":"https:\/\/coword.org\/wp-content\/uploads\/2021\/01\/logo-coword.svg","width":300,"height":87,"caption":"Coword"},"image":{"@id":"https:\/\/coword.org\/#\/schema\/logo\/image\/"},"sameAs":["https:\/\/www.linkedin.com\/company\/coword-asociaci\u00f3n-inmobiliaria-de-espacios-compartidos\/"]}]}},"_links":{"self":[{"href":"https:\/\/coword.org\/en\/wp-json\/wp\/v2\/pages\/2742","targetHints":{"allow":["GET"]}}],"collection":[{"href":"https:\/\/coword.org\/en\/wp-json\/wp\/v2\/pages"}],"about":[{"href":"https:\/\/coword.org\/en\/wp-json\/wp\/v2\/types\/page"}],"author":[{"embeddable":true,"href":"https:\/\/coword.org\/en\/wp-json\/wp\/v2\/users\/558"}],"replies":[{"embeddable":true,"href":"https:\/\/coword.org\/en\/wp-json\/wp\/v2\/comments?post=2742"}],"version-history":[{"count":21,"href":"https:\/\/coword.org\/en\/wp-json\/wp\/v2\/pages\/2742\/revisions"}],"predecessor-version":[{"id":3726,"href":"https:\/\/coword.org\/en\/wp-json\/wp\/v2\/pages\/2742\/revisions\/3726"}],"wp:attachment":[{"href":"https:\/\/coword.org\/en\/wp-json\/wp\/v2\/media?parent=2742"}],"curies":[{"name":"wp","href":"https:\/\/api.w.org\/{rel}","templated":true}]}}